{"id":4535,"date":"2025-01-21T03:37:26","date_gmt":"2025-01-21T13:37:26","guid":{"rendered":"https:\/\/www.sofleet.eu\/?post_type=temoignage&#038;p=4535"},"modified":"2025-01-23T23:25:29","modified_gmt":"2025-01-24T09:25:29","slug":"connecter-700-vehicules-le-defi-reussi-de-lille-metropole-avec-sofleet","status":"publish","type":"temoignage","link":"https:\/\/www.sofleet.eu\/pt\/temoignage\/conectando-700-veiculos-o-desafio-bem-sucedido-da-lille-metropole-com-a-sofleet\/","title":{"rendered":"Conectar 700 ve\u00edculos: o desafio bem-sucedido da Lille M\u00e9tropole com a SoFLEET"},"content":{"rendered":"<h2 class=\"wp-block-heading\">Gest\u00e3o de frota de ve\u00edculos de servi\u00e7o p\u00fablico<\/h2>\n\n\n\n<p>Com seus 3.000 funcion\u00e1rios, administra uma <strong>frota de 700 ve\u00edculos<\/strong> (incluindo 60% de ve\u00edculos de compartilhamento de carros e 40% de ve\u00edculos comerciais). Apesar da aparente sufici\u00eancia desta frota, os agentes expressaram regularmente sua insatisfa\u00e7\u00e3o com a falta de ve\u00edculos e sua inadequa\u00e7\u00e3o para atender \u00e0s necessidades.<\/p>\n\n\n\n<p>Diante desse problema recorrente, o gestor de mobilidade iniciou em 2014 um projeto de telem\u00e1tica embarcada em uma frota de 100 ve\u00edculos, evitando assim a mobiliza\u00e7\u00e3o sistem\u00e1tica de pessoal em campo para monitorar cada ve\u00edculo.<\/p>\n\n\n\n<figure class=\"wp-block-image size-full has-custom-border\"><img fetchpriority=\"high\" decoding=\"async\" width=\"800\" height=\"533\" src=\"https:\/\/www.sofleet.eu\/wp-content\/uploads\/2025\/01\/flotte-de-vehicules-service-public.jpg\" alt=\"\" class=\"wp-image-4538\" style=\"border-radius:15px\" srcset=\"https:\/\/www.sofleet.eu\/wp-content\/uploads\/2025\/01\/flotte-de-vehicules-service-public.jpg 800w, https:\/\/www.sofleet.eu\/wp-content\/uploads\/2025\/01\/flotte-de-vehicules-service-public-300x200.jpg 300w, https:\/\/www.sofleet.eu\/wp-content\/uploads\/2025\/01\/flotte-de-vehicules-service-public-768x512.jpg 768w, https:\/\/www.sofleet.eu\/wp-content\/uploads\/2025\/01\/flotte-de-vehicules-service-public-18x12.jpg 18w\" sizes=\"(max-width: 800px) 100vw, 800px\" \/><\/figure>\n\n\n\n<h3 class=\"wp-block-heading\">Implanta\u00e7\u00e3o da solu\u00e7\u00e3o<\/h3>\n\n\n\n<p>A implementa\u00e7\u00e3o pode ser r\u00e1pida, mas requer uma abordagem met\u00f3dica. A \u00eanfase foi colocada na comunica\u00e7\u00e3o com os funcion\u00e1rios, para incentivar a aceita\u00e7\u00e3o da solu\u00e7\u00e3o.<\/p>\n\n\n\n<blockquote class=\"wp-block-quote is-layout-flow wp-block-quote-is-layout-flow\">\n<p>Uma vez encerrado o debate com os parceiros sociais e usu\u00e1rios, a solu\u00e7\u00e3o se torna uma ferramenta totalmente integrada \u00e0 gest\u00e3o di\u00e1ria da frota. \u00c9 preciso dizer que isso foi facilitado pela instala\u00e7\u00e3o de caixas SoFLEET, que ocorreu bem durante a implanta\u00e7\u00e3o no final de 2023.<\/p>\n<\/blockquote>\n\n\n\n<p>Perante a crescente complexidade dos mercados p\u00fablicos, a Metr\u00f3pole de Lille optou por passar pela<a href=\"https:\/\/www.flotauto.com\/fatec-ugap-20230516.html\" target=\"_blank\" rel=\"noreferrer noopener\">UGAP<\/a>. eu&#039;<strong>Uni\u00e3o dos Grupos de Compras P\u00fablicas (UGAP)<\/strong> \u00e9 um estabelecimento industrial e comercial p\u00fablico (EPIC) colocado sob a tutela do Ministro respons\u00e1vel pelo Or\u00e7amento e do Ministro respons\u00e1vel pela Educa\u00e7\u00e3o Nacional. Primeiro <em>&quot;centro de compras p\u00fablicas&quot;<\/em> na Fran\u00e7a, um player na implementa\u00e7\u00e3o de pol\u00edticas de compras respons\u00e1veis que se destaca pelo seu compromisso objetivo e mensur\u00e1vel de RSE e pela sua atua\u00e7\u00e3o na compra para revenda (papel de atacadista). <\/p>\n\n\n\n<blockquote class=\"wp-block-quote is-layout-flow wp-block-quote-is-layout-flow\">\n<p>Quando voc\u00ea tem um contato como a UGAP, que j\u00e1 fez o trabalho e o fez bem, \u00e9 uma garantia de confiabilidade e conforto. \u00bb Esta decis\u00e3o levou \u00e0 escolha da FATEC, GAC Technology e SoFLEET como parceiros complementares.<\/p>\n<\/blockquote>\n\n\n\n<h3 class=\"wp-block-heading\">Uso multisservi\u00e7o<\/h3>\n\n\n\n<p>No dia a dia, a solu\u00e7\u00e3o atende tanto equipes t\u00e9cnicas quanto administrativas. Os primeiros permitem o monitoramento remoto dos dados do ve\u00edculo para manuten\u00e7\u00e3o e anomalias: <em>\u201cFazemos os ve\u00edculos falarem diretamente!\u201d \u00bb<\/em>. Os gestores, por sua vez, correlacionam essas informa\u00e7\u00f5es com casos de uso e <strong>reservas<\/strong>.\u200b<\/p>\n\n\n\n<p>Esta an\u00e1lise revelou que um local tinha uma quantidade de ativos fixos subutilizados. Na verdade, mesmo que todo o equipamento estivesse presente, apenas <strong>51% de usos<\/strong> foram atribu\u00eddos a eles, o que significa que esse equipamento foi amplamente subutilizado.<\/p>\n\n\n\n<h3 class=\"wp-block-heading\">Resultados e perspectivas<\/h3>\n\n\n\n<blockquote class=\"wp-block-quote is-layout-flow wp-block-quote-is-layout-flow\">\n<p>Ainda \u00e9 recente, mas \u00e9 certo que os usos que fazemos dela <a href=\"https:\/\/www.sofleet.eu\/pt\/a-plataforma-2\/\">plataforma<\/a> s\u00e3o preciosas. No futuro, seremos capazes de ser mais preditivos do que operacionais, cruzando dados de escalas de plant\u00e3o com reservas, por exemplo.<\/p>\n<\/blockquote>\n\n\n\n<p>Com base em sua experi\u00eancia, ele recomenda uma implanta\u00e7\u00e3o \u00fanica, em vez de gradual: <em>\u201cTemos que ir!\u201d [\u2026] se testamos em uma amostra, gastamos muito tempo examinando o que acontece em alguns ve\u00edculos e n\u00e3o fazemos nenhum progresso. \u00bb<\/em> Ele tamb\u00e9m destaca a import\u00e2ncia de ter uma pessoa dedicada a analisar indicadores para transformar dados em a\u00e7\u00f5es concretas.<\/p>\n\n\n\n<h3 class=\"wp-block-heading\">O lugar da condu\u00e7\u00e3o ecol\u00f3gica<\/h3>\n\n\n\n<p>A solu\u00e7\u00e3o tamb\u00e9m permite o monitoramento da<a href=\"https:\/\/www.sofleet.eu\/pt\/suas-necessidades-2\/direcao-ecologica\/\">dire\u00e7\u00e3o ecol\u00f3gica<\/a>, agora uma obriga\u00e7\u00e3o legal da mesma forma que a <a href=\"https:\/\/www.sofleet.eu\/pt\/suas-necessidades-2\/riscos-rodoviarios-2\/\">riscos rodovi\u00e1rios<\/a>. O Gestor de Mobilidade, ele pr\u00f3prio um formador, \u00e9 particularmente sens\u00edvel a este aspecto: <em>\u201cPessoalmente, pratico dire\u00e7\u00e3o ecol\u00f3gica e tive a oportunidade este ano de me tornar um treinador. [\u2026] \u00c9 uma abordagem que vai al\u00e9m da economia e do respeito pelo meio ambiente: \u00e9 tamb\u00e9m uma forma mais segura de conduzir, que reduz os comportamentos propensos a acidentes e, portanto, o risco rodovi\u00e1rio. \u00bb<\/em>\u200b<\/p>\n\n\n\n<h3 class=\"wp-block-heading\">Os pr\u00f3ximos desenvolvimentos?<\/h3>\n\n\n\n<p>A <strong>geolocaliza\u00e7\u00e3o <\/strong>representa o pr\u00f3ximo desenvolvimento previsto pela Metr\u00f3pole de Lille. Esse recurso atender\u00e1 a tr\u00eas prop\u00f3sitos:<\/p>\n\n\n\n<ul class=\"wp-block-list\">\n<li>pol\u00edticas p\u00fablicas (como o monitoramento de limpa-neves, por exemplo),<\/li>\n\n\n\n<li>otimiza\u00e7\u00e3o dos recursos administrativos,<\/li>\n\n\n\n<li>e melhor gest\u00e3o operacional para aloca\u00e7\u00e3o mais eficiente de equipes e ve\u00edculos.<\/li>\n<\/ul>\n\n\n\n<h3 class=\"wp-block-heading\">A palavra final<\/h3>\n\n\n\n<blockquote class=\"wp-block-quote is-layout-flow wp-block-quote-is-layout-flow\">\n<p>Gra\u00e7as ao <strong>telem\u00e1tica de bordo<\/strong>, conseguimos otimizar nossa frota de ve\u00edculos, melhorar a utiliza\u00e7\u00e3o dos nossos ve\u00edculos e reduzir o tempo de inatividade desnecess\u00e1rio. Este projeto, implementado metodicamente e em colabora\u00e7\u00e3o com nossos parceiros, agora est\u00e1 totalmente integrado \u00e0 nossa gest\u00e3o di\u00e1ria. Ela abre perspectivas promissoras para n\u00f3s, como a integra\u00e7\u00e3o de tecnologia preditiva e novas funcionalidades para enfrentar os desafios do amanh\u00e3.<\/p>\n<\/blockquote>\n\n\n\n<h2 class=\"wp-block-heading\">Sobre Lille M\u00e9tropole<\/h2>\n\n\n\n<p>A Metr\u00f3pole Europeia de Lille (MEL) \u00e9 uma institui\u00e7\u00e3o p\u00fablica l\u00edder na Fran\u00e7a, reunindo 95 munic\u00edpios e mais de 1,2 milh\u00e3o de habitantes. Um dos principais atores do planejamento regional, atua em diversas \u00e1reas, como transporte, meio ambiente, desenvolvimento econ\u00f4mico e gest\u00e3o de infraestrutura p\u00fablica.<\/p>\n\n\n\n<p>Com 3.000 funcion\u00e1rios e uma frota de 700 ve\u00edculos, a maioria ve\u00edculos de compartilhamento de carros, a MEL coloca a inova\u00e7\u00e3o e a sustentabilidade no centro de suas a\u00e7\u00f5es para melhorar o cotidiano de seus moradores e enfrentar os desafios dos territ\u00f3rios do amanh\u00e3.<\/p>","protected":false},"featured_media":4556,"template":"","meta":{"_acf_changed":false,"_eb_attr":""},"pages-unique-temoignage":[20],"class_list":["post-4535","temoignage","type-temoignage","status-publish","has-post-thumbnail","hentry","pages-unique-temoignage-oui"],"acf":[],"yoast_head":"<!-- This site is optimized with the Yoast SEO plugin v23.1 - https:\/\/yoast.com\/wordpress\/plugins\/seo\/ -->\n<title>Connecter 700 v\u00e9hicules : le d\u00e9fi r\u00e9ussi de Lille M\u00e9tropole<\/title>\n<meta name=\"description\" content=\"D\u00e9couvrez l&#039;exp\u00e9rience du Mobility Manager de la M\u00e9tropole de Lille avec le solution de gestion de parc de v\u00e9hicules SoFLEET.\" \/>\n<meta name=\"robots\" content=\"index, follow, max-snippet:-1, max-image-preview:large, max-video-preview:-1\" \/>\n<link rel=\"canonical\" href=\"https:\/\/www.sofleet.eu\/pt\/Temoignages\/connecter-700-vehicules-le-defi-reussi-de-lille-metropole-avec-sofleet\/\" \/>\n<meta property=\"og:locale\" content=\"pt_PT\" \/>\n<meta property=\"og:type\" content=\"article\" \/>\n<meta property=\"og:title\" content=\"Connecter 700 v\u00e9hicules : le d\u00e9fi r\u00e9ussi de Lille M\u00e9tropole\" \/>\n<meta property=\"og:description\" content=\"D\u00e9couvrez l&#039;exp\u00e9rience du Mobility Manager de la M\u00e9tropole de Lille avec le solution de gestion de parc de v\u00e9hicules SoFLEET.\" \/>\n<meta property=\"og:url\" content=\"https:\/\/www.sofleet.eu\/pt\/Temoignages\/connecter-700-vehicules-le-defi-reussi-de-lille-metropole-avec-sofleet\/\" \/>\n<meta property=\"og:site_name\" content=\"SoFLEET\" \/>\n<meta property=\"article:modified_time\" content=\"2025-01-24T09:25:29+00:00\" \/>\n<meta property=\"og:image\" content=\"https:\/\/www.sofleet.eu\/wp-content\/uploads\/2025\/01\/Logo_Metropole_Europeenne_de_Lille_Rectangle.png\" \/>\n\t<meta property=\"og:image:width\" content=\"640\" \/>\n\t<meta property=\"og:image:height\" content=\"151\" \/>\n\t<meta property=\"og:image:type\" content=\"image\/png\" \/>\n<meta name=\"twitter:card\" content=\"summary_large_image\" \/>\n<meta name=\"twitter:label1\" content=\"Tempo estimado de leitura\" \/>\n\t<meta name=\"twitter:data1\" content=\"4 minutos\" \/>\n<script type=\"application\/ld+json\" class=\"yoast-schema-graph\">{\"@context\":\"https:\/\/schema.org\",\"@graph\":[{\"@type\":\"WebPage\",\"@id\":\"https:\/\/www.sofleet.eu\/Temoignages\/connecter-700-vehicules-le-defi-reussi-de-lille-metropole-avec-sofleet\/\",\"url\":\"https:\/\/www.sofleet.eu\/Temoignages\/connecter-700-vehicules-le-defi-reussi-de-lille-metropole-avec-sofleet\/\",\"name\":\"Connecter 700 v\u00e9hicules : le d\u00e9fi r\u00e9ussi de Lille M\u00e9tropole\",\"isPartOf\":{\"@id\":\"https:\/\/www.sofleet.eu\/#website\"},\"primaryImageOfPage\":{\"@id\":\"https:\/\/www.sofleet.eu\/Temoignages\/connecter-700-vehicules-le-defi-reussi-de-lille-metropole-avec-sofleet\/#primaryimage\"},\"image\":{\"@id\":\"https:\/\/www.sofleet.eu\/Temoignages\/connecter-700-vehicules-le-defi-reussi-de-lille-metropole-avec-sofleet\/#primaryimage\"},\"thumbnailUrl\":\"https:\/\/www.sofleet.eu\/wp-content\/uploads\/2025\/01\/Logo_Metropole_Europeenne_de_Lille_Rectangle.png\",\"datePublished\":\"2025-01-21T13:37:26+00:00\",\"dateModified\":\"2025-01-24T09:25:29+00:00\",\"description\":\"D\u00e9couvrez l'exp\u00e9rience du Mobility Manager de la M\u00e9tropole de Lille avec le solution de gestion de parc de v\u00e9hicules SoFLEET.\",\"breadcrumb\":{\"@id\":\"https:\/\/www.sofleet.eu\/Temoignages\/connecter-700-vehicules-le-defi-reussi-de-lille-metropole-avec-sofleet\/#breadcrumb\"},\"inLanguage\":\"pt-PT\",\"potentialAction\":[{\"@type\":\"ReadAction\",\"target\":[\"https:\/\/www.sofleet.eu\/Temoignages\/connecter-700-vehicules-le-defi-reussi-de-lille-metropole-avec-sofleet\/\"]}]},{\"@type\":\"ImageObject\",\"inLanguage\":\"pt-PT\",\"@id\":\"https:\/\/www.sofleet.eu\/Temoignages\/connecter-700-vehicules-le-defi-reussi-de-lille-metropole-avec-sofleet\/#primaryimage\",\"url\":\"https:\/\/www.sofleet.eu\/wp-content\/uploads\/2025\/01\/Logo_Metropole_Europeenne_de_Lille_Rectangle.png\",\"contentUrl\":\"https:\/\/www.sofleet.eu\/wp-content\/uploads\/2025\/01\/Logo_Metropole_Europeenne_de_Lille_Rectangle.png\",\"width\":640,\"height\":151,\"caption\":\"logo de la M\u00e9tropole de Lille\"},{\"@type\":\"BreadcrumbList\",\"@id\":\"https:\/\/www.sofleet.eu\/Temoignages\/connecter-700-vehicules-le-defi-reussi-de-lille-metropole-avec-sofleet\/#breadcrumb\",\"itemListElement\":[{\"@type\":\"ListItem\",\"position\":1,\"name\":\"Accueil\",\"item\":\"https:\/\/www.sofleet.eu\/\"},{\"@type\":\"ListItem\",\"position\":2,\"name\":\"Connecter 700 v\u00e9hicules : le d\u00e9fi r\u00e9ussi de Lille M\u00e9tropole\u200b avec SoFLEET\"}]},{\"@type\":\"WebSite\",\"@id\":\"https:\/\/www.sofleet.eu\/#website\",\"url\":\"https:\/\/www.sofleet.eu\/\",\"name\":\"SoFLEET\",\"description\":\"\u00c9coconduite &amp; gestion de flotte automobile\",\"publisher\":{\"@id\":\"https:\/\/www.sofleet.eu\/#organization\"},\"potentialAction\":[{\"@type\":\"SearchAction\",\"target\":{\"@type\":\"EntryPoint\",\"urlTemplate\":\"https:\/\/www.sofleet.eu\/?s={search_term_string}\"},\"query-input\":\"required name=search_term_string\"}],\"inLanguage\":\"pt-PT\"},{\"@type\":\"Organization\",\"@id\":\"https:\/\/www.sofleet.eu\/#organization\",\"name\":\"SoFLEET\",\"url\":\"https:\/\/www.sofleet.eu\/\",\"logo\":{\"@type\":\"ImageObject\",\"inLanguage\":\"pt-PT\",\"@id\":\"https:\/\/www.sofleet.eu\/#\/schema\/logo\/image\/\",\"url\":\"https:\/\/www.sofleet.eu\/wp-content\/uploads\/2024\/06\/so-fleet-wpcf_453x200.png\",\"contentUrl\":\"https:\/\/www.sofleet.eu\/wp-content\/uploads\/2024\/06\/so-fleet-wpcf_453x200.png\",\"width\":453,\"height\":200,\"caption\":\"SoFLEET\"},\"image\":{\"@id\":\"https:\/\/www.sofleet.eu\/#\/schema\/logo\/image\/\"}}]}<\/script>\n<!-- \/ Yoast SEO plugin. -->","yoast_head_json":{"title":"Conectar 700 ve\u00edculos: o desafio de sucesso do Lille M\u00e9tropole","description":"Descubra a experi\u00eancia do Mobility Manager da Lille Metropolis com a solu\u00e7\u00e3o de gerenciamento de frotas de ve\u00edculos SoFLEET.","robots":{"index":"index","follow":"follow","max-snippet":"max-snippet:-1","max-image-preview":"max-image-preview:large","max-video-preview":"max-video-preview:-1"},"canonical":"https:\/\/www.sofleet.eu\/pt\/Temoignages\/connecter-700-vehicules-le-defi-reussi-de-lille-metropole-avec-sofleet\/","og_locale":"pt_PT","og_type":"article","og_title":"Connecter 700 v\u00e9hicules : le d\u00e9fi r\u00e9ussi de Lille M\u00e9tropole","og_description":"D\u00e9couvrez l'exp\u00e9rience du Mobility Manager de la M\u00e9tropole de Lille avec le solution de gestion de parc de v\u00e9hicules SoFLEET.","og_url":"https:\/\/www.sofleet.eu\/pt\/Temoignages\/connecter-700-vehicules-le-defi-reussi-de-lille-metropole-avec-sofleet\/","og_site_name":"SoFLEET","article_modified_time":"2025-01-24T09:25:29+00:00","og_image":[{"width":640,"height":151,"url":"https:\/\/www.sofleet.eu\/wp-content\/uploads\/2025\/01\/Logo_Metropole_Europeenne_de_Lille_Rectangle.png","type":"image\/png"}],"twitter_card":"summary_large_image","twitter_misc":{"Tempo estimado de leitura":"4 minutos"},"schema":{"@context":"https:\/\/schema.org","@graph":[{"@type":"WebPage","@id":"https:\/\/www.sofleet.eu\/Temoignages\/connecter-700-vehicules-le-defi-reussi-de-lille-metropole-avec-sofleet\/","url":"https:\/\/www.sofleet.eu\/Temoignages\/connecter-700-vehicules-le-defi-reussi-de-lille-metropole-avec-sofleet\/","name":"Conectar 700 ve\u00edculos: o desafio de sucesso do Lille M\u00e9tropole","isPartOf":{"@id":"https:\/\/www.sofleet.eu\/#website"},"primaryImageOfPage":{"@id":"https:\/\/www.sofleet.eu\/Temoignages\/connecter-700-vehicules-le-defi-reussi-de-lille-metropole-avec-sofleet\/#primaryimage"},"image":{"@id":"https:\/\/www.sofleet.eu\/Temoignages\/connecter-700-vehicules-le-defi-reussi-de-lille-metropole-avec-sofleet\/#primaryimage"},"thumbnailUrl":"https:\/\/www.sofleet.eu\/wp-content\/uploads\/2025\/01\/Logo_Metropole_Europeenne_de_Lille_Rectangle.png","datePublished":"2025-01-21T13:37:26+00:00","dateModified":"2025-01-24T09:25:29+00:00","description":"Descubra a experi\u00eancia do Mobility Manager da Lille Metropolis com a solu\u00e7\u00e3o de gerenciamento de frotas de ve\u00edculos SoFLEET.","breadcrumb":{"@id":"https:\/\/www.sofleet.eu\/Temoignages\/connecter-700-vehicules-le-defi-reussi-de-lille-metropole-avec-sofleet\/#breadcrumb"},"inLanguage":"pt-PT","potentialAction":[{"@type":"ReadAction","target":["https:\/\/www.sofleet.eu\/Temoignages\/connecter-700-vehicules-le-defi-reussi-de-lille-metropole-avec-sofleet\/"]}]},{"@type":"ImageObject","inLanguage":"pt-PT","@id":"https:\/\/www.sofleet.eu\/Temoignages\/connecter-700-vehicules-le-defi-reussi-de-lille-metropole-avec-sofleet\/#primaryimage","url":"https:\/\/www.sofleet.eu\/wp-content\/uploads\/2025\/01\/Logo_Metropole_Europeenne_de_Lille_Rectangle.png","contentUrl":"https:\/\/www.sofleet.eu\/wp-content\/uploads\/2025\/01\/Logo_Metropole_Europeenne_de_Lille_Rectangle.png","width":640,"height":151,"caption":"logo de la M\u00e9tropole de Lille"},{"@type":"BreadcrumbList","@id":"https:\/\/www.sofleet.eu\/Temoignages\/connecter-700-vehicules-le-defi-reussi-de-lille-metropole-avec-sofleet\/#breadcrumb","itemListElement":[{"@type":"ListItem","position":1,"name":"Accueil","item":"https:\/\/www.sofleet.eu\/"},{"@type":"ListItem","position":2,"name":"Connecter 700 v\u00e9hicules : le d\u00e9fi r\u00e9ussi de Lille M\u00e9tropole\u200b avec SoFLEET"}]},{"@type":"WebSite","@id":"https:\/\/www.sofleet.eu\/#website","url":"https:\/\/www.sofleet.eu\/","name":"SoFLEET","description":"Condu\u00e7\u00e3o ecol\u00f3gica e gest\u00e3o de frotas","publisher":{"@id":"https:\/\/www.sofleet.eu\/#organization"},"potentialAction":[{"@type":"SearchAction","target":{"@type":"EntryPoint","urlTemplate":"https:\/\/www.sofleet.eu\/?s={search_term_string}"},"query-input":"required name=search_term_string"}],"inLanguage":"pt-PT"},{"@type":"Organization","@id":"https:\/\/www.sofleet.eu\/#organization","name":"SoFLEET","url":"https:\/\/www.sofleet.eu\/","logo":{"@type":"ImageObject","inLanguage":"pt-PT","@id":"https:\/\/www.sofleet.eu\/#\/schema\/logo\/image\/","url":"https:\/\/www.sofleet.eu\/wp-content\/uploads\/2024\/06\/so-fleet-wpcf_453x200.png","contentUrl":"https:\/\/www.sofleet.eu\/wp-content\/uploads\/2024\/06\/so-fleet-wpcf_453x200.png","width":453,"height":200,"caption":"SoFLEET"},"image":{"@id":"https:\/\/www.sofleet.eu\/#\/schema\/logo\/image\/"}}]}},"_links":{"self":[{"href":"https:\/\/www.sofleet.eu\/pt\/wp-json\/wp\/v2\/temoignage\/4535","targetHints":{"allow":["GET"]}}],"collection":[{"href":"https:\/\/www.sofleet.eu\/pt\/wp-json\/wp\/v2\/temoignage"}],"about":[{"href":"https:\/\/www.sofleet.eu\/pt\/wp-json\/wp\/v2\/types\/temoignage"}],"wp:featuredmedia":[{"embeddable":true,"href":"https:\/\/www.sofleet.eu\/pt\/wp-json\/wp\/v2\/media\/4556"}],"wp:attachment":[{"href":"https:\/\/www.sofleet.eu\/pt\/wp-json\/wp\/v2\/media?parent=4535"}],"wp:term":[{"taxonomy":"pages-unique-temoignage","embeddable":true,"href":"https:\/\/www.sofleet.eu\/pt\/wp-json\/wp\/v2\/pages-unique-temoignage?post=4535"}],"curies":[{"name":"wp","href":"https:\/\/api.w.org\/{rel}","templated":true}]}}