{"id":6108,"date":"2026-03-11T00:12:17","date_gmt":"2026-03-11T10:12:17","guid":{"rendered":"https:\/\/www.sofleet.eu\/?post_type=temoignage&#038;p=6108"},"modified":"2026-03-11T00:16:40","modified_gmt":"2026-03-11T10:16:40","slug":"sos-activeille-optimise-le-suivi-kilometrique","status":"publish","type":"temoignage","link":"https:\/\/www.sofleet.eu\/pt\/temoignage\/o-sos-activeille-otimiza-o-rastreamento-de-quilometragem\/","title":{"rendered":"A SOS Activeille otimiza o acompanhamento da quilometragem"},"content":{"rendered":"<h2 class=\"wp-block-heading\">Fim das leituras manuais de quilometragem<\/h2>\n\n\n\n<p>Anteriormente, o rastreamento de quilometragem na S\u00e9curit\u00e9 Ouest Services Activeille (SOS Activeille) dependia de um sistema manual: <strong>Registro semanal e lan\u00e7amento em planilha do Excel<\/strong> ou mensalmente, enviado por e-mail, consolidado pelo gerente e depois pelo departamento de contabilidade.<\/p>\n\n\n\n<p>Um processo demorado, que gera cerca de dez e-mails para processar a cada m\u00eas, com m\u00faltiplas verifica\u00e7\u00f5es e reinser\u00e7\u00f5es de dados.<\/p>\n\n\n\n<p>H\u00e1 tr\u00eas anos, a empresa matriz, Groupama Centre Manche, decidiu<strong>equipando seus ve\u00edculos com uma solu\u00e7\u00e3o conectada<\/strong>Ap\u00f3s observar a implementa\u00e7\u00e3o por parte da Groupama, a subsidi\u00e1ria, por sua vez, optou por adotar o SoFLEET.<\/p>\n\n\n\n<p>O objetivo era automatizar o rastreamento de quilometragem, obter relat\u00f3rios de quilometragem confi\u00e1veis por ve\u00edculo e eliminar relat\u00f3rios de despesas.<\/p>\n\n\n\n<h3 class=\"wp-block-heading\">Sobre a SOS Activeille<\/h3>\n\n\n\n<p>Subsidi\u00e1ria do Groupama Centre Manche, a SOS Activeille est\u00e1 estabelecida em 8 departamentos (27, 76, 50, 14, 61, 28, 72, 53).<\/p>\n\n\n\n<p>A empresa possui 18 funcion\u00e1rios distribu\u00eddos entre:<\/p>\n\n\n\n<ul class=\"wp-block-list\">\n<li>6 t\u00e9cnicos,<\/li>\n\n\n\n<li>3 representantes de vendas,<\/li>\n\n\n\n<li>1 gerente operacional<\/li>\n\n\n\n<li>1 gerente t\u00e9cnico,<\/li>\n\n\n\n<li>bem como uma equipe administrativa,<\/li>\n<\/ul>\n\n\n\n<p>A empresa presta assist\u00eancia remota a 1.300 clientes e atende 5.000 locais com sistemas de alarme e videovigil\u00e2ncia, gerando um faturamento anual de aproximadamente 3,2 milh\u00f5es de euros.<\/p>\n\n\n\n<p>Os alarmes est\u00e3o conectados a centrais de monitoramento remoto que funcionam 24 horas por dia, 7 dias por semana. Dependendo dos contratos, a interven\u00e7\u00e3o \u00e9 acionada por meio de contatos designados pelo cliente ou por meio de um subcontratado (vigilante ou empresa de seguran\u00e7a).<\/p>\n\n\n\n<h3 class=\"wp-block-heading\">Uma frota essencial para o neg\u00f3cio<\/h3>\n\n\n\n<p>Com uma frota de<strong> 11 ve\u00edculos em regime de aluguel de longo prazo<\/strong> Com seis ve\u00edculos utilit\u00e1rios e comerciais distribu\u00eddos por v\u00e1rios departamentos, \u00e9 essencial economizar tempo para as equipes, permitindo que elas se concentrem em suas atividades de maior valor agregado. Como os ve\u00edculos n\u00e3o s\u00e3o compartilhados, cada funcion\u00e1rio \u00e9 respons\u00e1vel pelo seu pr\u00f3prio ve\u00edculo.<\/p>\n\n\n\n<p>Numa profiss\u00e3o ligada a sistemas de alarme e seguran\u00e7a patrimonial, a capacidade de resposta \u00e9 essencial. As viagens s\u00e3o parte fundamental do modelo de neg\u00f3cio.<\/p>\n\n\n\n<h3 class=\"wp-block-heading\">Implementa\u00e7\u00e3o da solu\u00e7\u00e3o conectada<\/h3>\n\n\n\n<p>A maioria dos ve\u00edculos possui conectividade de s\u00e9rie, ou seja, atrav\u00e9s de dados do fabricante Renault, com quem a SoFLEET mant\u00e9m acordos de parceria.<\/p>\n\n\n\n<p>A <a href=\"https:\/\/www.sofleet.eu\/pt\/suas-necessidades-2\/geolocalizacao-2\/\">geolocaliza\u00e7\u00e3o <\/a>Embora tecnicamente poss\u00edvel, o rastreamento da localiza\u00e7\u00e3o dos ve\u00edculos n\u00e3o est\u00e1 ativado para a frota da SOS Activeille. O compromisso assumido com os funcion\u00e1rios \u00e9 claro: sem rastreamento de localiza\u00e7\u00e3o, apenas rastreamento de quilometragem. No entanto, a localiza\u00e7\u00e3o do ve\u00edculo pode ser ativada pontualmente em situa\u00e7\u00f5es cr\u00edticas, como roubo.<\/p>\n\n\n\n<p>Alertas tamb\u00e9m foram configurados para per\u00edodos espec\u00edficos de uso. Quando um ve\u00edculo \u00e9 conduzido fora desses hor\u00e1rios, uma notifica\u00e7\u00e3o \u00e9 enviada para garantir que a quilometragem particular seja cobrada corretamente.<\/p>\n\n\n\n<h3 class=\"wp-block-heading\">ganhos administrativos concretos<\/h3>\n\n\n\n<p>A principal vantagem \u00e9 a economia de tempo administrativo.<\/p>\n\n\n\n<blockquote class=\"wp-block-quote is-layout-flow wp-block-quote-is-layout-flow\">\n<p>Penso que, cumulativamente, poupamos quase uma hora por m\u00eas.<\/p>\n<\/blockquote>\n\n\n\n<figure class=\"wp-block-image size-large\"><img fetchpriority=\"high\" decoding=\"async\" width=\"1024\" height=\"402\" src=\"https:\/\/www.sofleet.eu\/wp-content\/uploads\/2026\/03\/2602-tableau-SOSactiveille_TEMSOFLEET-1024x402.png\" alt=\"\" class=\"wp-image-6109\" srcset=\"https:\/\/www.sofleet.eu\/wp-content\/uploads\/2026\/03\/2602-tableau-SOSactiveille_TEMSOFLEET-1024x402.png 1024w, https:\/\/www.sofleet.eu\/wp-content\/uploads\/2026\/03\/2602-tableau-SOSactiveille_TEMSOFLEET-300x118.png 300w, https:\/\/www.sofleet.eu\/wp-content\/uploads\/2026\/03\/2602-tableau-SOSactiveille_TEMSOFLEET-768x301.png 768w, https:\/\/www.sofleet.eu\/wp-content\/uploads\/2026\/03\/2602-tableau-SOSactiveille_TEMSOFLEET-18x7.png 18w, https:\/\/www.sofleet.eu\/wp-content\/uploads\/2026\/03\/2602-tableau-SOSactiveille_TEMSOFLEET.png 1198w\" sizes=\"(max-width: 1024px) 100vw, 1024px\" \/><\/figure>\n\n\n\n<p>O volume total de <a href=\"https:\/\/www.sofleet.eu\/pt\/geolocalisation\/gestao-de-jornada-pessoal-e-profissional\/\">quil\u00f4metros comerciais<\/a> permanece est\u00e1vel, mas algumas discrep\u00e2ncias relacionadas a usos privados parecem ter se regulado naturalmente gra\u00e7as \u00e0 clara distin\u00e7\u00e3o entre deslocamentos profissionais e pessoais.<\/p>\n\n\n\n<h3 class=\"wp-block-heading\">Simples e f\u00e1cil de usar.<\/h3>\n\n\n\n<p>O indicador mais consultado continua sendo a quilometragem. <strong>alertas de manuten\u00e7\u00e3o<\/strong> s\u00e3o gerenciados diretamente, ve\u00edculo por ve\u00edculo. Cada funcion\u00e1rio \u00e9 respons\u00e1vel por monitorar seu pr\u00f3prio carro. Os dados de condu\u00e7\u00e3o ecol\u00f3gica s\u00e3o revisados periodicamente. A ideia de desafiar as equipes sobre esse tema poder\u00e1 ser considerada no futuro.<\/p>\n\n\n\n<p>De acordo com o gerente de opera\u00e7\u00f5es, as vantagens da solu\u00e7\u00e3o SoFLEET s\u00e3o:<\/p>\n\n\n\n<ul class=\"wp-block-list\">\n<li>facilidade de acesso,<\/li>\n\n\n\n<li>a simplicidade do rastreamento de quilometragem,<\/li>\n\n\n\n<li>a economia de tempo tang\u00edvel.<\/li>\n\n\n\n<li>Perspectivas e eletrifica\u00e7\u00e3o<\/li>\n<\/ul>\n\n\n\n<p>Todos os ve\u00edculos s\u00e3o alugados e os contratos de loca\u00e7\u00e3o foram renovados recentemente.<\/p>\n\n\n\n<p>L&#039;<strong>eletrifica\u00e7\u00e3o do parque<\/strong> \u00c9 estudado, mas continua complexo devido \u00e0 grande \u00e1rea geogr\u00e1fica e \u00e0s longas dist\u00e2ncias di\u00e1rias (at\u00e9 50.000 km por ano para um vendedor) e dias que podem ultrapassar os 400 km percorridos.<\/p>\n\n\n\n<p>Est\u00e1 sendo considerada a possibilidade de equipar determinados perfis (gerente operacional ou t\u00e9cnico), mas n\u00e3o toda a frota em curto prazo.<\/p>\n\n\n\n<h3 class=\"wp-block-heading\">Por que SoFLEET?<\/h3>\n\n\n\n<p>Para a SOS Activeille, o SoFLEET atende a uma necessidade clara:<strong> Simplificar a gest\u00e3o de frotas<\/strong> distribu\u00edda por v\u00e1rios departamentos, mantendo ao mesmo tempo uma rela\u00e7\u00e3o de confian\u00e7a com os funcion\u00e1rios.<\/p>\n\n\n\n<p>A solu\u00e7\u00e3o permite:<\/p>\n\n\n\n<ul class=\"wp-block-list\">\n<li>Automatizar o rastreamento de quilometragem,<\/li>\n\n\n\n<li>Eliminar tarefas administrativas repetitivas,<\/li>\n\n\n\n<li>para garantir a cobran\u00e7a correta dos quil\u00f4metros rodados particulares,<\/li>\n\n\n\n<li>Para extrair dados para fins cont\u00e1beis com facilidade.<\/li>\n<\/ul>\n\n\n\n<blockquote class=\"wp-block-quote is-layout-flow wp-block-quote-is-layout-flow\">\n<blockquote class=\"wp-block-quote is-layout-flow wp-block-quote-is-layout-flow\">\n<p>Hoje em dia, tudo \u00e9 simples e de f\u00e1cil acesso, e o rastreamento \u00e9 claro.<\/p>\n<\/blockquote>\n<\/blockquote>\n\n\n\n<p>Em pequenas e m\u00e9dias empresas (PMEs) do setor de seguran\u00e7a, cada hora economizada conta. A gest\u00e3o de frotas conectadas tornou-se uma ferramenta de gest\u00e3o simples, confi\u00e1vel e adequada para o porte da organiza\u00e7\u00e3o.<\/p>","protected":false},"featured_media":6110,"template":"","meta":{"_acf_changed":false,"_eb_attr":""},"pages-unique-temoignage":[],"class_list":["post-6108","temoignage","type-temoignage","status-publish","has-post-thumbnail","hentry"],"acf":[],"yoast_head":"<!-- This site is optimized with the Yoast SEO plugin v23.1 - https:\/\/yoast.com\/wordpress\/plugins\/seo\/ -->\n<title>SOS Activeille\u00a0optimise le suivi kilom\u00e9trique\u00a0avec\u00a0SoFLEET\u00a0<\/title>\n<meta name=\"description\" content=\"D\u00e9couvrez le cas d&#039;usage de S\u00e9curit\u00e9 Ouest Services Activeille pour la gestion de flotte connect\u00e9e avec la plateforme SoFLEET.\" \/>\n<meta name=\"robots\" content=\"index, follow, max-snippet:-1, max-image-preview:large, max-video-preview:-1\" \/>\n<link rel=\"canonical\" href=\"https:\/\/www.sofleet.eu\/pt\/temoignage\/o-sos-activeille-otimiza-o-rastreamento-de-quilometragem\/\" \/>\n<meta property=\"og:locale\" content=\"pt_PT\" \/>\n<meta property=\"og:type\" content=\"article\" \/>\n<meta property=\"og:title\" content=\"SOS Activeille\u00a0optimise le suivi kilom\u00e9trique\u00a0avec\u00a0SoFLEET\u00a0\" \/>\n<meta property=\"og:description\" content=\"D\u00e9couvrez le cas d&#039;usage de S\u00e9curit\u00e9 Ouest Services Activeille pour la gestion de flotte connect\u00e9e avec la plateforme SoFLEET.\" \/>\n<meta property=\"og:url\" content=\"https:\/\/www.sofleet.eu\/pt\/temoignage\/o-sos-activeille-otimiza-o-rastreamento-de-quilometragem\/\" \/>\n<meta property=\"og:site_name\" content=\"SoFLEET\" \/>\n<meta property=\"article:modified_time\" content=\"2026-03-11T10:16:40+00:00\" \/>\n<meta property=\"og:image\" content=\"https:\/\/www.sofleet.eu\/wp-content\/uploads\/2026\/03\/1630494338542.jpg\" \/>\n\t<meta property=\"og:image:width\" content=\"200\" \/>\n\t<meta property=\"og:image:height\" content=\"200\" \/>\n\t<meta property=\"og:image:type\" content=\"image\/jpeg\" \/>\n<meta name=\"twitter:card\" content=\"summary_large_image\" \/>\n<meta name=\"twitter:label1\" content=\"Tempo estimado de leitura\" \/>\n\t<meta name=\"twitter:data1\" content=\"4 minutos\" \/>\n<script type=\"application\/ld+json\" class=\"yoast-schema-graph\">{\"@context\":\"https:\/\/schema.org\",\"@graph\":[{\"@type\":\"WebPage\",\"@id\":\"https:\/\/www.sofleet.eu\/temoignage\/sos-activeille-optimise-le-suivi-kilometrique\/\",\"url\":\"https:\/\/www.sofleet.eu\/temoignage\/sos-activeille-optimise-le-suivi-kilometrique\/\",\"name\":\"SOS Activeille\u00a0optimise le suivi kilom\u00e9trique\u00a0avec\u00a0SoFLEET\u00a0\",\"isPartOf\":{\"@id\":\"https:\/\/www.sofleet.eu\/#website\"},\"primaryImageOfPage\":{\"@id\":\"https:\/\/www.sofleet.eu\/temoignage\/sos-activeille-optimise-le-suivi-kilometrique\/#primaryimage\"},\"image\":{\"@id\":\"https:\/\/www.sofleet.eu\/temoignage\/sos-activeille-optimise-le-suivi-kilometrique\/#primaryimage\"},\"thumbnailUrl\":\"https:\/\/www.sofleet.eu\/wp-content\/uploads\/2026\/03\/1630494338542.jpg\",\"datePublished\":\"2026-03-11T10:12:17+00:00\",\"dateModified\":\"2026-03-11T10:16:40+00:00\",\"description\":\"D\u00e9couvrez le cas d'usage de S\u00e9curit\u00e9 Ouest Services Activeille pour la gestion de flotte connect\u00e9e avec la plateforme SoFLEET.\",\"breadcrumb\":{\"@id\":\"https:\/\/www.sofleet.eu\/temoignage\/sos-activeille-optimise-le-suivi-kilometrique\/#breadcrumb\"},\"inLanguage\":\"pt-PT\",\"potentialAction\":[{\"@type\":\"ReadAction\",\"target\":[\"https:\/\/www.sofleet.eu\/temoignage\/sos-activeille-optimise-le-suivi-kilometrique\/\"]}]},{\"@type\":\"ImageObject\",\"inLanguage\":\"pt-PT\",\"@id\":\"https:\/\/www.sofleet.eu\/temoignage\/sos-activeille-optimise-le-suivi-kilometrique\/#primaryimage\",\"url\":\"https:\/\/www.sofleet.eu\/wp-content\/uploads\/2026\/03\/1630494338542.jpg\",\"contentUrl\":\"https:\/\/www.sofleet.eu\/wp-content\/uploads\/2026\/03\/1630494338542.jpg\",\"width\":200,\"height\":200,\"caption\":\"logo SOS Activeille\"},{\"@type\":\"BreadcrumbList\",\"@id\":\"https:\/\/www.sofleet.eu\/temoignage\/sos-activeille-optimise-le-suivi-kilometrique\/#breadcrumb\",\"itemListElement\":[{\"@type\":\"ListItem\",\"position\":1,\"name\":\"Accueil\",\"item\":\"https:\/\/www.sofleet.eu\/\"},{\"@type\":\"ListItem\",\"position\":2,\"name\":\"SOS\u00a0Activeille optimise le suivi kilom\u00e9trique\"}]},{\"@type\":\"WebSite\",\"@id\":\"https:\/\/www.sofleet.eu\/#website\",\"url\":\"https:\/\/www.sofleet.eu\/\",\"name\":\"SoFLEET\",\"description\":\"\u00c9coconduite &amp; gestion de flotte automobile\",\"publisher\":{\"@id\":\"https:\/\/www.sofleet.eu\/#organization\"},\"potentialAction\":[{\"@type\":\"SearchAction\",\"target\":{\"@type\":\"EntryPoint\",\"urlTemplate\":\"https:\/\/www.sofleet.eu\/?s={search_term_string}\"},\"query-input\":\"required name=search_term_string\"}],\"inLanguage\":\"pt-PT\"},{\"@type\":\"Organization\",\"@id\":\"https:\/\/www.sofleet.eu\/#organization\",\"name\":\"SoFLEET\",\"url\":\"https:\/\/www.sofleet.eu\/\",\"logo\":{\"@type\":\"ImageObject\",\"inLanguage\":\"pt-PT\",\"@id\":\"https:\/\/www.sofleet.eu\/#\/schema\/logo\/image\/\",\"url\":\"https:\/\/www.sofleet.eu\/wp-content\/uploads\/2024\/06\/so-fleet-wpcf_453x200.png\",\"contentUrl\":\"https:\/\/www.sofleet.eu\/wp-content\/uploads\/2024\/06\/so-fleet-wpcf_453x200.png\",\"width\":453,\"height\":200,\"caption\":\"SoFLEET\"},\"image\":{\"@id\":\"https:\/\/www.sofleet.eu\/#\/schema\/logo\/image\/\"}}]}<\/script>\n<!-- \/ Yoast SEO plugin. -->","yoast_head_json":{"title":"O SOS Activeille otimiza o rastreamento de quilometragem com o SoFLEET.\u00a0","description":"Descubra o caso de uso da S\u00e9curit\u00e9 Ouest Services Activeille para gest\u00e3o de frotas conectadas com a plataforma SoFLEET.","robots":{"index":"index","follow":"follow","max-snippet":"max-snippet:-1","max-image-preview":"max-image-preview:large","max-video-preview":"max-video-preview:-1"},"canonical":"https:\/\/www.sofleet.eu\/pt\/temoignage\/o-sos-activeille-otimiza-o-rastreamento-de-quilometragem\/","og_locale":"pt_PT","og_type":"article","og_title":"SOS Activeille\u00a0optimise le suivi kilom\u00e9trique\u00a0avec\u00a0SoFLEET\u00a0","og_description":"D\u00e9couvrez le cas d'usage de S\u00e9curit\u00e9 Ouest Services Activeille pour la gestion de flotte connect\u00e9e avec la plateforme SoFLEET.","og_url":"https:\/\/www.sofleet.eu\/pt\/temoignage\/o-sos-activeille-otimiza-o-rastreamento-de-quilometragem\/","og_site_name":"SoFLEET","article_modified_time":"2026-03-11T10:16:40+00:00","og_image":[{"width":200,"height":200,"url":"https:\/\/www.sofleet.eu\/wp-content\/uploads\/2026\/03\/1630494338542.jpg","type":"image\/jpeg"}],"twitter_card":"summary_large_image","twitter_misc":{"Tempo estimado de leitura":"4 minutos"},"schema":{"@context":"https:\/\/schema.org","@graph":[{"@type":"WebPage","@id":"https:\/\/www.sofleet.eu\/temoignage\/sos-activeille-optimise-le-suivi-kilometrique\/","url":"https:\/\/www.sofleet.eu\/temoignage\/sos-activeille-optimise-le-suivi-kilometrique\/","name":"O SOS Activeille otimiza o rastreamento de quilometragem com o SoFLEET.\u00a0","isPartOf":{"@id":"https:\/\/www.sofleet.eu\/#website"},"primaryImageOfPage":{"@id":"https:\/\/www.sofleet.eu\/temoignage\/sos-activeille-optimise-le-suivi-kilometrique\/#primaryimage"},"image":{"@id":"https:\/\/www.sofleet.eu\/temoignage\/sos-activeille-optimise-le-suivi-kilometrique\/#primaryimage"},"thumbnailUrl":"https:\/\/www.sofleet.eu\/wp-content\/uploads\/2026\/03\/1630494338542.jpg","datePublished":"2026-03-11T10:12:17+00:00","dateModified":"2026-03-11T10:16:40+00:00","description":"Descubra o caso de uso da S\u00e9curit\u00e9 Ouest Services Activeille para gest\u00e3o de frotas conectadas com a plataforma SoFLEET.","breadcrumb":{"@id":"https:\/\/www.sofleet.eu\/temoignage\/sos-activeille-optimise-le-suivi-kilometrique\/#breadcrumb"},"inLanguage":"pt-PT","potentialAction":[{"@type":"ReadAction","target":["https:\/\/www.sofleet.eu\/temoignage\/sos-activeille-optimise-le-suivi-kilometrique\/"]}]},{"@type":"ImageObject","inLanguage":"pt-PT","@id":"https:\/\/www.sofleet.eu\/temoignage\/sos-activeille-optimise-le-suivi-kilometrique\/#primaryimage","url":"https:\/\/www.sofleet.eu\/wp-content\/uploads\/2026\/03\/1630494338542.jpg","contentUrl":"https:\/\/www.sofleet.eu\/wp-content\/uploads\/2026\/03\/1630494338542.jpg","width":200,"height":200,"caption":"logo SOS Activeille"},{"@type":"BreadcrumbList","@id":"https:\/\/www.sofleet.eu\/temoignage\/sos-activeille-optimise-le-suivi-kilometrique\/#breadcrumb","itemListElement":[{"@type":"ListItem","position":1,"name":"Accueil","item":"https:\/\/www.sofleet.eu\/"},{"@type":"ListItem","position":2,"name":"SOS\u00a0Activeille optimise le suivi kilom\u00e9trique"}]},{"@type":"WebSite","@id":"https:\/\/www.sofleet.eu\/#website","url":"https:\/\/www.sofleet.eu\/","name":"SoFLEET","description":"Condu\u00e7\u00e3o ecol\u00f3gica e gest\u00e3o de frotas","publisher":{"@id":"https:\/\/www.sofleet.eu\/#organization"},"potentialAction":[{"@type":"SearchAction","target":{"@type":"EntryPoint","urlTemplate":"https:\/\/www.sofleet.eu\/?s={search_term_string}"},"query-input":"required name=search_term_string"}],"inLanguage":"pt-PT"},{"@type":"Organization","@id":"https:\/\/www.sofleet.eu\/#organization","name":"SoFLEET","url":"https:\/\/www.sofleet.eu\/","logo":{"@type":"ImageObject","inLanguage":"pt-PT","@id":"https:\/\/www.sofleet.eu\/#\/schema\/logo\/image\/","url":"https:\/\/www.sofleet.eu\/wp-content\/uploads\/2024\/06\/so-fleet-wpcf_453x200.png","contentUrl":"https:\/\/www.sofleet.eu\/wp-content\/uploads\/2024\/06\/so-fleet-wpcf_453x200.png","width":453,"height":200,"caption":"SoFLEET"},"image":{"@id":"https:\/\/www.sofleet.eu\/#\/schema\/logo\/image\/"}}]}},"_links":{"self":[{"href":"https:\/\/www.sofleet.eu\/pt\/wp-json\/wp\/v2\/temoignage\/6108","targetHints":{"allow":["GET"]}}],"collection":[{"href":"https:\/\/www.sofleet.eu\/pt\/wp-json\/wp\/v2\/temoignage"}],"about":[{"href":"https:\/\/www.sofleet.eu\/pt\/wp-json\/wp\/v2\/types\/temoignage"}],"wp:featuredmedia":[{"embeddable":true,"href":"https:\/\/www.sofleet.eu\/pt\/wp-json\/wp\/v2\/media\/6110"}],"wp:attachment":[{"href":"https:\/\/www.sofleet.eu\/pt\/wp-json\/wp\/v2\/media?parent=6108"}],"wp:term":[{"taxonomy":"pages-unique-temoignage","embeddable":true,"href":"https:\/\/www.sofleet.eu\/pt\/wp-json\/wp\/v2\/pages-unique-temoignage?post=6108"}],"curies":[{"name":"wp","href":"https:\/\/api.w.org\/{rel}","templated":true}]}}