{"id":6130,"date":"2026-03-24T06:49:36","date_gmt":"2026-03-24T16:49:36","guid":{"rendered":"https:\/\/www.sofleet.eu\/?post_type=temoignage&#038;p=6130"},"modified":"2026-03-24T23:37:57","modified_gmt":"2026-03-25T09:37:57","slug":"gestion-flotte-electricite-concept-lumiere-vehicules-sofleet","status":"publish","type":"temoignage","link":"https:\/\/www.sofleet.eu\/pt\/temoignage\/gestao-de-frotas-eletricidade-conceito-de-iluminacao-veiculos-sofleet\/","title":{"rendered":"Gest\u00e3o de frotas: como a \u00c9lectricit\u00e9 Concept Lumi\u00e8re gere os seus ve\u00edculos com a SoFLEET"},"content":{"rendered":"<ul class=\"wp-block-list\">\n<li>Empresa fundada em 2017<\/li>\n\n\n\n<li>Servi\u00e7os em toda a regi\u00e3o de Provence-Alpes-C\u00f4te d&#039;Azur<\/li>\n\n\n\n<li>7 ve\u00edculos conectados<\/li>\n\n\n\n<li>Percorrem-se de 3.000 a 5.000 km por ve\u00edculo por m\u00eas.<\/li>\n\n\n\n<li>Em m\u00e9dia, cada ve\u00edculo percorre de 200 a 300 km por dia.<\/li>\n<\/ul>\n\n\n\n<h2 class=\"wp-block-heading\">Uma empresa de energia el\u00e9trica que opera em toda a regi\u00e3o da PACA.<\/h2>\n\n\n\n<p>Fundada em 2017, a \u00c9lectricit\u00e9 Concept Lumi\u00e8re (ECL) opera em toda a regi\u00e3o de Provence-Alpes-C\u00f4te d&#039;Azur. A empresa presta servi\u00e7os t\u00e9cnicos para empresas e particulares, incluindo:<\/p>\n\n\n\n<ul class=\"wp-block-list\">\n<li><strong>servi\u00e7os gerais de eletricidade<\/strong><\/li>\n\n\n\n<li><strong>Instala\u00e7\u00e3o e moderniza\u00e7\u00e3o de redes el\u00e9tricas<\/strong><\/li>\n\n\n\n<li><strong>Instala\u00e7\u00f5es de alta e baixa tens\u00e3o<\/strong><\/li>\n\n\n\n<li><strong>Ilumina\u00e7\u00e3o interna e externa<\/strong><\/li>\n\n\n\n<li><strong>instala\u00e7\u00e3o de esta\u00e7\u00f5es de carregamento<\/strong><\/li>\n\n\n\n<li><strong>ar condicionado e bombas de calor<\/strong><\/li>\n\n\n\n<li><strong>Instala\u00e7\u00e3o de alarmes e sistemas de videovigil\u00e2ncia.<\/strong><\/li>\n<\/ul>\n\n\n\n<p><\/p>\n\n\n\n<p>Essas atividades envolvem in\u00fameras viagens de t\u00e9cnicos a diferentes canteiros de obras.<\/p>\n\n\n\n<h3 class=\"wp-block-heading\">Uma frota essencial para viagens de t\u00e9cnicos.<\/h3>\n\n\n\n<p>Para realizar suas opera\u00e7\u00f5es, a ECL conta com uma frota de 7 ve\u00edculos. A maioria s\u00e3o ve\u00edculos utilit\u00e1rios utilizados por t\u00e9cnicos, al\u00e9m de um carro da empresa. As dist\u00e2ncias percorridas s\u00e3o significativas. Em m\u00e9dia:<\/p>\n\n\n\n<ul class=\"wp-block-list\">\n<li><strong>entre 3.000 e 5.000 km por m\u00eas por ve\u00edculo<\/strong><\/li>\n\n\n\n<li><strong>entre 200 e 300 km por dia, dependendo das interven\u00e7\u00f5es.<\/strong><\/li>\n<\/ul>\n\n\n\n<p>Os ve\u00edculos da empresa s\u00e3o comprados ou financiados por meio de cr\u00e9dito.<\/p>\n\n\n\n<h3 class=\"wp-block-heading\">Por que a ECL escolheu uma solu\u00e7\u00e3o de gest\u00e3o de frotas?<\/h3>\n\n\n\n<p>Antes de utilizar o SoFLEET, a empresa j\u00e1 trabalhava com uma solu\u00e7\u00e3o de rastreamento de ve\u00edculos. A ECL optou ent\u00e3o por equipar sua frota com a solu\u00e7\u00e3o SoFLEET para continuar monitorando o uso e a movimenta\u00e7\u00e3o dos ve\u00edculos.<\/p>\n\n\n\n<blockquote class=\"wp-block-quote is-layout-flow wp-block-quote-is-layout-flow\">\n<p>&quot;Eu tinha muitos funcion\u00e1rios que sa\u00edam de carro, e eu nunca sabia onde eles estavam, ent\u00e3o n\u00e3o conseguia coordenar as interven\u00e7\u00f5es.&quot;<\/p>\n<\/blockquote>\n\n\n\n<p>A solu\u00e7\u00e3o SoFLEET foi implementada por volta de 2019-2020. Hoje:<\/p>\n\n\n\n<ul class=\"wp-block-list\">\n<li><strong>Cinco ve\u00edculos est\u00e3o equipados com um dispositivo de geolocaliza\u00e7\u00e3o.<\/strong><\/li>\n\n\n\n<li><strong>Dois ve\u00edculos Renault est\u00e3o conectados atrav\u00e9s de dados do fabricante.<\/strong><\/li>\n<\/ul>\n\n\n\n<h3 class=\"wp-block-heading\">Rastreamento simplificado de ve\u00edculos e quilometragem<\/h3>\n\n\n\n<p>A solu\u00e7\u00e3o permite obter certas informa\u00e7\u00f5es sem precisar contatar t\u00e9cnicos.<\/p>\n\n\n\n<blockquote class=\"wp-block-quote is-layout-flow wp-block-quote-is-layout-flow\">\n<p>&quot;Em vez de ficar pedindo repetidamente o relat\u00f3rio de quilometragem, posso acompanhar as informa\u00e7\u00f5es diretamente na plataforma.&quot;<\/p>\n<\/blockquote>\n\n\n\n<p>Em particular, facilita:<\/p>\n\n\n\n<ul class=\"wp-block-list\">\n<li><strong>registrando os quil\u00f4metros percorridos<\/strong><\/li>\n\n\n\n<li><strong>agendamento de entrevistas<\/strong><\/li>\n\n\n\n<li><strong>Localizar um ve\u00edculo em caso de avaria.<\/strong><\/li>\n<\/ul>\n\n\n\n<p><\/p>\n\n\n\n<p>A <a href=\"https:\/\/www.sofleet.eu\/pt\/suas-necessidades-2\/geolocalizacao-2\/\">geolocaliza\u00e7\u00e3o <\/a>Tamb\u00e9m pode ser muito \u00fatil em determinadas situa\u00e7\u00f5es espec\u00edficas.<\/p>\n\n\n\n<h3 class=\"wp-block-heading\">Funcionalidades usadas diariamente<\/h3>\n\n\n\n<p>No seu uso di\u00e1rio, v\u00e1rias funcionalidades s\u00e3o particularmente \u00fateis:<\/p>\n\n\n\n<ul class=\"wp-block-list\">\n<li><strong>rastreamento de quil\u00f4metros<\/strong><\/li>\n\n\n\n<li><strong>alertas de velocidade e dire\u00e7\u00e3o<\/strong><\/li>\n\n\n\n<li><strong>monitoramento do consumo de combust\u00edvel<\/strong><\/li>\n\n\n\n<li><strong>acompanhamento da entrevista<\/strong><\/li>\n\n\n\n<li><strong>Monitoramento dos tempos de utiliza\u00e7\u00e3o dos ve\u00edculos.<\/strong><\/li>\n<\/ul>\n\n\n\n<p><\/p>\n\n\n\n<p>Essas informa\u00e7\u00f5es nos permitem monitorar o uso e a manuten\u00e7\u00e3o dos ve\u00edculos.<\/p>\n\n\n\n<h3 class=\"wp-block-heading\">Um aplicativo f\u00e1cil de usar<\/h3>\n\n\n\n<p>Segundo St\u00e9phanie Mongruel, o aplicativo \u00e9 f\u00e1cil de usar:<\/p>\n\n\n\n<blockquote class=\"wp-block-quote is-layout-flow wp-block-quote-is-layout-flow\">\n<p>&quot;\u00c9 intuitivo e f\u00e1cil de usar. No meu dia a dia, permite-me gerenciar minha frequ\u00eancia card\u00edaca e o rastreamento do meu ve\u00edculo.&quot;<\/p>\n<\/blockquote>\n\n\n\n<p>O aplicativo permite, em particular, acesso r\u00e1pido a:<\/p>\n\n\n\n<ul class=\"wp-block-list\">\n<li><strong>\u00e0 hist\u00f3ria das viagens<\/strong><\/li>\n\n\n\n<li><strong>dados de consumo<\/strong><\/li>\n\n\n\n<li><strong>para informa\u00e7\u00f5es de uso do ve\u00edculo.<\/strong><\/li>\n<\/ul>\n\n\n\n<h3 class=\"wp-block-heading\">Perspectivas para a evolu\u00e7\u00e3o do parque<\/h3>\n\n\n\n<p>Assim como muitas empresas, a ECL est\u00e1 considerando a evolu\u00e7\u00e3o de sua frota de ve\u00edculos.<strong>A eletrifica\u00e7\u00e3o de ve\u00edculos est\u00e1 em estudo.<\/strong>, mesmo que certas restri\u00e7\u00f5es inevitavelmente existam.<\/p>\n\n\n\n<p>&quot;Estamos considerando converter alguns ve\u00edculos para el\u00e9tricos, mas existem limita\u00e7\u00f5es relacionadas \u00e0 autonomia e \u00e0s esta\u00e7\u00f5es de carregamento.&quot;<\/p>\n\n\n\n<p>Por enquanto, a empresa est\u00e1 considerando... <strong>solu\u00e7\u00f5es h\u00edbridas para determinados ve\u00edculos<\/strong>, especialmente para ve\u00edculos de gest\u00e3o.<\/p>","protected":false},"featured_media":6136,"template":"","meta":{"_acf_changed":false,"_eb_attr":""},"pages-unique-temoignage":[],"class_list":["post-6130","temoignage","type-temoignage","status-publish","has-post-thumbnail","hentry"],"acf":[],"yoast_head":"<!-- This site is optimized with the Yoast SEO plugin v23.1 - https:\/\/yoast.com\/wordpress\/plugins\/seo\/ -->\n<title>Gestion de flotte : comment ECL g\u00e8re ses v\u00e9hicules avec SoFLEET<\/title>\n<meta name=\"description\" content=\"D\u00e9couvrez le retour d&#039;exp\u00e9rience d&#039;\u00c9lectricit\u00e9 Concept Lumi\u00e8re qui g\u00e8re ses v\u00e9hicules avec la plateforme SoFLEET.\" \/>\n<meta name=\"robots\" content=\"index, follow, max-snippet:-1, max-image-preview:large, max-video-preview:-1\" \/>\n<link rel=\"canonical\" href=\"https:\/\/www.sofleet.eu\/pt\/temoignage\/gestao-de-frotas-eletricidade-conceito-de-iluminacao-veiculos-sofleet\/\" \/>\n<meta property=\"og:locale\" content=\"pt_PT\" \/>\n<meta property=\"og:type\" content=\"article\" \/>\n<meta property=\"og:title\" content=\"Gestion de flotte : comment ECL g\u00e8re ses v\u00e9hicules avec SoFLEET\" \/>\n<meta property=\"og:description\" content=\"D\u00e9couvrez le retour d&#039;exp\u00e9rience d&#039;\u00c9lectricit\u00e9 Concept Lumi\u00e8re qui g\u00e8re ses v\u00e9hicules avec la plateforme SoFLEET.\" \/>\n<meta property=\"og:url\" content=\"https:\/\/www.sofleet.eu\/pt\/temoignage\/gestao-de-frotas-eletricidade-conceito-de-iluminacao-veiculos-sofleet\/\" \/>\n<meta property=\"og:site_name\" content=\"SoFLEET\" \/>\n<meta property=\"article:modified_time\" content=\"2026-03-25T09:37:57+00:00\" \/>\n<meta property=\"og:image\" content=\"https:\/\/www.sofleet.eu\/wp-content\/uploads\/2026\/03\/images.png\" \/>\n\t<meta property=\"og:image:width\" content=\"225\" \/>\n\t<meta property=\"og:image:height\" content=\"225\" \/>\n\t<meta property=\"og:image:type\" content=\"image\/png\" \/>\n<meta name=\"twitter:card\" content=\"summary_large_image\" \/>\n<meta name=\"twitter:label1\" content=\"Tempo estimado de leitura\" \/>\n\t<meta name=\"twitter:data1\" content=\"3 minutos\" \/>\n<script type=\"application\/ld+json\" class=\"yoast-schema-graph\">{\"@context\":\"https:\/\/schema.org\",\"@graph\":[{\"@type\":\"WebPage\",\"@id\":\"https:\/\/www.sofleet.eu\/temoignage\/gestion-flotte-electricite-concept-lumiere-vehicules-sofleet\/\",\"url\":\"https:\/\/www.sofleet.eu\/temoignage\/gestion-flotte-electricite-concept-lumiere-vehicules-sofleet\/\",\"name\":\"Gestion de flotte : comment ECL g\u00e8re ses v\u00e9hicules avec SoFLEET\",\"isPartOf\":{\"@id\":\"https:\/\/www.sofleet.eu\/#website\"},\"primaryImageOfPage\":{\"@id\":\"https:\/\/www.sofleet.eu\/temoignage\/gestion-flotte-electricite-concept-lumiere-vehicules-sofleet\/#primaryimage\"},\"image\":{\"@id\":\"https:\/\/www.sofleet.eu\/temoignage\/gestion-flotte-electricite-concept-lumiere-vehicules-sofleet\/#primaryimage\"},\"thumbnailUrl\":\"https:\/\/www.sofleet.eu\/wp-content\/uploads\/2026\/03\/images.png\",\"datePublished\":\"2026-03-24T16:49:36+00:00\",\"dateModified\":\"2026-03-25T09:37:57+00:00\",\"description\":\"D\u00e9couvrez le retour d'exp\u00e9rience d'\u00c9lectricit\u00e9 Concept Lumi\u00e8re qui g\u00e8re ses v\u00e9hicules avec la plateforme SoFLEET.\",\"breadcrumb\":{\"@id\":\"https:\/\/www.sofleet.eu\/temoignage\/gestion-flotte-electricite-concept-lumiere-vehicules-sofleet\/#breadcrumb\"},\"inLanguage\":\"pt-PT\",\"potentialAction\":[{\"@type\":\"ReadAction\",\"target\":[\"https:\/\/www.sofleet.eu\/temoignage\/gestion-flotte-electricite-concept-lumiere-vehicules-sofleet\/\"]}]},{\"@type\":\"ImageObject\",\"inLanguage\":\"pt-PT\",\"@id\":\"https:\/\/www.sofleet.eu\/temoignage\/gestion-flotte-electricite-concept-lumiere-vehicules-sofleet\/#primaryimage\",\"url\":\"https:\/\/www.sofleet.eu\/wp-content\/uploads\/2026\/03\/images.png\",\"contentUrl\":\"https:\/\/www.sofleet.eu\/wp-content\/uploads\/2026\/03\/images.png\",\"width\":225,\"height\":225},{\"@type\":\"BreadcrumbList\",\"@id\":\"https:\/\/www.sofleet.eu\/temoignage\/gestion-flotte-electricite-concept-lumiere-vehicules-sofleet\/#breadcrumb\",\"itemListElement\":[{\"@type\":\"ListItem\",\"position\":1,\"name\":\"Accueil\",\"item\":\"https:\/\/www.sofleet.eu\/\"},{\"@type\":\"ListItem\",\"position\":2,\"name\":\"Gestion de flotte : comment \u00c9lectricit\u00e9 Concept Lumi\u00e8re g\u00e8re ses v\u00e9hicules avec SoFLEET\"}]},{\"@type\":\"WebSite\",\"@id\":\"https:\/\/www.sofleet.eu\/#website\",\"url\":\"https:\/\/www.sofleet.eu\/\",\"name\":\"SoFLEET\",\"description\":\"\u00c9coconduite &amp; gestion de flotte automobile\",\"publisher\":{\"@id\":\"https:\/\/www.sofleet.eu\/#organization\"},\"potentialAction\":[{\"@type\":\"SearchAction\",\"target\":{\"@type\":\"EntryPoint\",\"urlTemplate\":\"https:\/\/www.sofleet.eu\/?s={search_term_string}\"},\"query-input\":\"required name=search_term_string\"}],\"inLanguage\":\"pt-PT\"},{\"@type\":\"Organization\",\"@id\":\"https:\/\/www.sofleet.eu\/#organization\",\"name\":\"SoFLEET\",\"url\":\"https:\/\/www.sofleet.eu\/\",\"logo\":{\"@type\":\"ImageObject\",\"inLanguage\":\"pt-PT\",\"@id\":\"https:\/\/www.sofleet.eu\/#\/schema\/logo\/image\/\",\"url\":\"https:\/\/www.sofleet.eu\/wp-content\/uploads\/2024\/06\/so-fleet-wpcf_453x200.png\",\"contentUrl\":\"https:\/\/www.sofleet.eu\/wp-content\/uploads\/2024\/06\/so-fleet-wpcf_453x200.png\",\"width\":453,\"height\":200,\"caption\":\"SoFLEET\"},\"image\":{\"@id\":\"https:\/\/www.sofleet.eu\/#\/schema\/logo\/image\/\"}}]}<\/script>\n<!-- \/ Yoast SEO plugin. -->","yoast_head_json":{"title":"Gest\u00e3o de frotas: como a ECL gerencia seus ve\u00edculos com o SoFLEET.","description":"Descubra o feedback da \u00c9lectricit\u00e9 Concept Lumi\u00e8re, que gerencia seus ve\u00edculos com a plataforma SoFLEET.","robots":{"index":"index","follow":"follow","max-snippet":"max-snippet:-1","max-image-preview":"max-image-preview:large","max-video-preview":"max-video-preview:-1"},"canonical":"https:\/\/www.sofleet.eu\/pt\/temoignage\/gestao-de-frotas-eletricidade-conceito-de-iluminacao-veiculos-sofleet\/","og_locale":"pt_PT","og_type":"article","og_title":"Gestion de flotte : comment ECL g\u00e8re ses v\u00e9hicules avec SoFLEET","og_description":"D\u00e9couvrez le retour d'exp\u00e9rience d'\u00c9lectricit\u00e9 Concept Lumi\u00e8re qui g\u00e8re ses v\u00e9hicules avec la plateforme SoFLEET.","og_url":"https:\/\/www.sofleet.eu\/pt\/temoignage\/gestao-de-frotas-eletricidade-conceito-de-iluminacao-veiculos-sofleet\/","og_site_name":"SoFLEET","article_modified_time":"2026-03-25T09:37:57+00:00","og_image":[{"width":225,"height":225,"url":"https:\/\/www.sofleet.eu\/wp-content\/uploads\/2026\/03\/images.png","type":"image\/png"}],"twitter_card":"summary_large_image","twitter_misc":{"Tempo estimado de leitura":"3 minutos"},"schema":{"@context":"https:\/\/schema.org","@graph":[{"@type":"WebPage","@id":"https:\/\/www.sofleet.eu\/temoignage\/gestion-flotte-electricite-concept-lumiere-vehicules-sofleet\/","url":"https:\/\/www.sofleet.eu\/temoignage\/gestion-flotte-electricite-concept-lumiere-vehicules-sofleet\/","name":"Gest\u00e3o de frotas: como a ECL gerencia seus ve\u00edculos com o SoFLEET.","isPartOf":{"@id":"https:\/\/www.sofleet.eu\/#website"},"primaryImageOfPage":{"@id":"https:\/\/www.sofleet.eu\/temoignage\/gestion-flotte-electricite-concept-lumiere-vehicules-sofleet\/#primaryimage"},"image":{"@id":"https:\/\/www.sofleet.eu\/temoignage\/gestion-flotte-electricite-concept-lumiere-vehicules-sofleet\/#primaryimage"},"thumbnailUrl":"https:\/\/www.sofleet.eu\/wp-content\/uploads\/2026\/03\/images.png","datePublished":"2026-03-24T16:49:36+00:00","dateModified":"2026-03-25T09:37:57+00:00","description":"Descubra o feedback da \u00c9lectricit\u00e9 Concept Lumi\u00e8re, que gerencia seus ve\u00edculos com a plataforma SoFLEET.","breadcrumb":{"@id":"https:\/\/www.sofleet.eu\/temoignage\/gestion-flotte-electricite-concept-lumiere-vehicules-sofleet\/#breadcrumb"},"inLanguage":"pt-PT","potentialAction":[{"@type":"ReadAction","target":["https:\/\/www.sofleet.eu\/temoignage\/gestion-flotte-electricite-concept-lumiere-vehicules-sofleet\/"]}]},{"@type":"ImageObject","inLanguage":"pt-PT","@id":"https:\/\/www.sofleet.eu\/temoignage\/gestion-flotte-electricite-concept-lumiere-vehicules-sofleet\/#primaryimage","url":"https:\/\/www.sofleet.eu\/wp-content\/uploads\/2026\/03\/images.png","contentUrl":"https:\/\/www.sofleet.eu\/wp-content\/uploads\/2026\/03\/images.png","width":225,"height":225},{"@type":"BreadcrumbList","@id":"https:\/\/www.sofleet.eu\/temoignage\/gestion-flotte-electricite-concept-lumiere-vehicules-sofleet\/#breadcrumb","itemListElement":[{"@type":"ListItem","position":1,"name":"Accueil","item":"https:\/\/www.sofleet.eu\/"},{"@type":"ListItem","position":2,"name":"Gestion de flotte : comment \u00c9lectricit\u00e9 Concept Lumi\u00e8re g\u00e8re ses v\u00e9hicules avec SoFLEET"}]},{"@type":"WebSite","@id":"https:\/\/www.sofleet.eu\/#website","url":"https:\/\/www.sofleet.eu\/","name":"SoFLEET","description":"Condu\u00e7\u00e3o ecol\u00f3gica e gest\u00e3o de frotas","publisher":{"@id":"https:\/\/www.sofleet.eu\/#organization"},"potentialAction":[{"@type":"SearchAction","target":{"@type":"EntryPoint","urlTemplate":"https:\/\/www.sofleet.eu\/?s={search_term_string}"},"query-input":"required name=search_term_string"}],"inLanguage":"pt-PT"},{"@type":"Organization","@id":"https:\/\/www.sofleet.eu\/#organization","name":"SoFLEET","url":"https:\/\/www.sofleet.eu\/","logo":{"@type":"ImageObject","inLanguage":"pt-PT","@id":"https:\/\/www.sofleet.eu\/#\/schema\/logo\/image\/","url":"https:\/\/www.sofleet.eu\/wp-content\/uploads\/2024\/06\/so-fleet-wpcf_453x200.png","contentUrl":"https:\/\/www.sofleet.eu\/wp-content\/uploads\/2024\/06\/so-fleet-wpcf_453x200.png","width":453,"height":200,"caption":"SoFLEET"},"image":{"@id":"https:\/\/www.sofleet.eu\/#\/schema\/logo\/image\/"}}]}},"_links":{"self":[{"href":"https:\/\/www.sofleet.eu\/pt\/wp-json\/wp\/v2\/temoignage\/6130","targetHints":{"allow":["GET"]}}],"collection":[{"href":"https:\/\/www.sofleet.eu\/pt\/wp-json\/wp\/v2\/temoignage"}],"about":[{"href":"https:\/\/www.sofleet.eu\/pt\/wp-json\/wp\/v2\/types\/temoignage"}],"wp:featuredmedia":[{"embeddable":true,"href":"https:\/\/www.sofleet.eu\/pt\/wp-json\/wp\/v2\/media\/6136"}],"wp:attachment":[{"href":"https:\/\/www.sofleet.eu\/pt\/wp-json\/wp\/v2\/media?parent=6130"}],"wp:term":[{"taxonomy":"pages-unique-temoignage","embeddable":true,"href":"https:\/\/www.sofleet.eu\/pt\/wp-json\/wp\/v2\/pages-unique-temoignage?post=6130"}],"curies":[{"name":"wp","href":"https:\/\/api.w.org\/{rel}","templated":true}]}}